{"id":33200,"date":"2025-06-05T10:39:02","date_gmt":"2025-06-05T07:39:02","guid":{"rendered":"https:\/\/www.filha.fi\/?page_id=33200"},"modified":"2025-12-01T15:16:32","modified_gmt":"2025-12-01T13:16:32","slug":"tupakka-ja-terveys-paiva-2025","status":"publish","type":"page","link":"https:\/\/www.filha.fi\/en\/tupakka-ja-terveys-paiva-2025\/","title":{"rendered":"Tupakka ja terveys -p\u00e4iv\u00e4 2025"},"content":{"rendered":"<p><a href=\"https:\/\/www.filha.fi\/koulutus\/xi-valtakunnalliset-tupakka-ja-terveys-paivat\/\" target=\"_blank\" rel=\"noopener\">Tapahtumasivu<\/a><\/p>\n<h3><\/h3>\n<h3>Ohjelma 3.12.2025 (<a href=\"https:\/\/www.filha.fi\/wp-content\/uploads\/2025\/12\/Valtakunnallinen-Tupakka-ja-terveys-paiva-2025-pdf.pdf\" target=\"_blank\" rel=\"noopener\">PDF<\/a>)<\/h3>\n<p><strong>8.45\u20139.30 Ilmoittautuminen ja aamukahvi<\/strong><\/p>\n<p>Aamup\u00e4iv\u00e4n puheenjohtajana p\u00e4\u00e4sihteeri, professori Tuula Vasankari, Filha ry<\/p>\n<p><strong>9.30\u201310.00 Avauspuheenvuorot<\/strong><br \/>\n-Sanni Grahn-Laasonen, Sosiaaliturvaministeri, Sosiaali- ja terveysministeri\u00f6<br \/>\n-Mika Salminen, P\u00e4\u00e4johtaja, Terveyden ja hyvinvoinnin laitos<\/p>\n<p><strong>10\u201311 Miten huomioin tupakka- ja nikotiinituotteiden k\u00e4yt\u00f6n lopettamisen erikoisalani potilaiden hoidossa?<\/strong><\/p>\n<p>-Alustukset ja paneelikeskustelu<\/p>\n<ul>\n<li style=\"list-style-type: none;\">\n<ul>\n<li>Mika Laine, kardiologian dosentti, HUS<\/li>\n<li>Annamari Rouhos, keuhkosairauksien erikoisl\u00e4\u00e4k\u00e4ri, LT, HUS Syd\u00e4n- ja keuhkokeskus<\/li>\n<li>Justiina Huhtakangas, neurokirurgi, LKT, HUS<\/li>\n<li>Maria Tengstr\u00f6m, erikoisl\u00e4\u00e4k\u00e4ri, LT, KYS Sy\u00f6p\u00e4keskus<\/li>\n<\/ul>\n<\/li>\n<\/ul>\n<p><strong>11\u201312 Mit\u00e4 sote-ammattilaisen tulisi tiet\u00e4\u00e4 nikotiinipusseista, vapesta, ja muista uusista nikotiinituotteista<\/strong><\/p>\n<p>-Millaisia haitallisia keuhkovaikutuksia uusilla nikotiinituotteilla on?<br \/>\nAntti Saarinen, asiantuntijaylil\u00e4\u00e4k\u00e4ri, LT, keuhkosairauksien erikoisl\u00e4\u00e4k\u00e4ri, Filha ry<\/p>\n<p>-Nikotiinipussien akuutti myrkyllisyys \u2013 Myrkytystietokeskuksen kokemuksia<br \/>\nTuomas Lilius, ylil\u00e4\u00e4k\u00e4ri, apulaisprofessori, HUS Myrkytystietokeskus ja Farmakologian ja l\u00e4\u00e4kehoidon osasto, HY<\/p>\n<p>-Valviran havainnot erilaisten nikotiinituotteiden ja vastaavien valvonnassa<br \/>\nMinnamari Pigg, juristi ja Matti Monto, tarkastaja, Valvira<\/p>\n<p><strong>12.00-13.00 Lounas + n\u00e4yttelyyn ja postereihin tutustuminen<\/strong><\/p>\n<p>Iltap\u00e4iv\u00e4n puheenjohtajana erityisasiantuntija Patrick Sandstr\u00f6m, Filha ry<\/p>\n<p><strong>13.00\u201313.30 Tietoiskut<\/strong><br \/>\n-Voimaa toipumiseen &#8211; elintapainterventio nikotiinituotteiden k\u00e4yt\u00f6n lopettamiseen sy\u00f6p\u00e4\u00e4n sairastuneille<br \/>\nTaija Puranen, erityisasiantuntija, Sy\u00f6p\u00e4j\u00e4rjest\u00f6t<\/p>\n<p>-JA-SAFE: savuttomuus, vieroitus ja edistykselliset tupakkapolitiikan toimet uudessa yhteistoimintahankkeessa<br \/>\nHanna Ollila, erityisasiantuntija, THL<\/p>\n<p>-Henkil\u00f6st\u00f6n kokemukset savuttomista psykiatrisista osastoista \u2013 kirjallisuuskatsaus<br \/>\nJohanna Haimila, sairaanhoitaja, Ttk, Varha<\/p>\n<p><strong>13.30\u201314.00 Uudet materiaalit ja apuv\u00e4lineet tupakka- ja nikotiinivieroituksen ohjauksen tukena<\/strong><br \/>\nHerkko Ryyn\u00e4nen, Hannele Anthoni, Katja Eho, JA PreventNCD -hanke, Filha ry<\/p>\n<p><strong>14.00\u201314.15 Tauko<\/strong><\/p>\n<p><strong>14.15\u201316.00 Vieroitusty\u00f6 eri kohderyhmiss\u00e4 ja uusin tutkimustieto (rinnakkaissessiot)<\/strong><\/p>\n<p><strong>1. Tupakka- ja nikotiinivieroituksen kehitt\u00e4minen hyvinvointialueilla, ty\u00f6terveyshuollossa ja psykiatrisissa sairaaloissa<\/strong><br \/>\nFilha ry<\/p>\n<p>Puheenjohtaja: Patrick Sandstr\u00f6m, erityisasiantuntija, Filha ry<\/p>\n<p>-Mist\u00e4 sote-ammattilainen ja kuntalaiset saavat tietoa tupakka- ja nikotiinivieroituspalveluista?<br \/>\nTaina Tepponen, terveyden edist\u00e4misen koordinaattori, It\u00e4-Uudenmaan hyvinvointialue<\/p>\n<p>-Tupakoimattomana ja nikotiinittomana leikkaukseen sek\u00e4 toimenpiteeseen \u2013 Onnistunut nikotiinivieroitusty\u00f6 syntyy nikotiinivieroitushoitajien, yleisl\u00e4\u00e4k\u00e4rien ja kirurgien kumulatiivisella yhteisty\u00f6ll\u00e4<br \/>\nJouko Nurkkala, Erikoisl\u00e4\u00e4k\u00e4ri, akuuttil\u00e4\u00e4ketiede, anestesiologia ja tehohoito, Varsinais-Suomen hyvinvointialue, Tyks<\/p>\n<p>-Siirtym\u00e4 savuttomaan sis\u00e4ilmaan ja tupakasta vieroitus Vanhan Vaasan Sairaalassa<br \/>\nJussi Niemi, sairaanhoitaja ja hengityshoitaja, Vanhan Vaasan sairaala<\/p>\n<p>-Terveystalon tupakka- nikotiinivieroituksen hoitomalli k\u00e4yt\u00e4nn\u00f6n ty\u00f6ss\u00e4<br \/>\nTarja Tenhonen, johtaja, ty\u00f6terveyshoitajapalvelut, Terveystalo<\/p>\n<p><strong>2. Nuorten tupakka- ja nikotiinituotteiden k\u00e4yt\u00f6n ennaltaehk\u00e4isy ja lopettamisen tuki<\/strong><br \/>\nSy\u00f6p\u00e4j\u00e4rjest\u00f6t<\/p>\n<p>Puheenjohtaja: Katri Saarela, asiantuntija, Sy\u00f6p\u00e4j\u00e4rjest\u00f6t<\/p>\n<p>-Lopettamisen tuen malli ammattilaisen ty\u00f6v\u00e4lineen\u00e4 nuoren ohjauksessa.<br \/>\nSini Olaste ja Matleena Eemola, Terveyden edist\u00e4misen asiantuntijat, Sy\u00f6p\u00e4j\u00e4rjest\u00f6t<\/p>\n<p><strong>3. Uutta tupakka- ja nikotiinitutkimuksessa<\/strong><br \/>\nTHL ja Helsingin yliopisto<\/p>\n<p>Puheenjohtaja: Mikael Ekblad, Yleisl\u00e4\u00e4ketieteen erikoisl\u00e4\u00e4k\u00e4ri, Savuton Suomi -tieteellisen neuvottelukunnan puheenjohtaja<\/p>\n<p>-Tupakkavieroitus, -haasteellinen elintapamuutos-\u00a0 mit\u00e4 ammattilaisen kannattaa huomioida? Maarit Malin, TtM, v\u00e4it\u00f6skirjatutkija, koordinaattori tth:n erikoisl\u00e4\u00e4k\u00e4rikoulutus. Helsingin yliopisto<\/p>\n<p>-Varusmiesten ja Puolustusvoimien henkil\u00f6kunnan muuttuneet tupakka- ja nikotiinituotteiden k\u00e4ytt\u00f6tottumukset, Maria Danielsson, LT, Helsingin yliopisto<\/p>\n<p>-\u00c4lypuhelinsovellus tupakoinnin vieroituksessa osana keuhkosy\u00f6v\u00e4n seulontaa: kokemuksia suomalaisesta pilottitutkimuksesta, Sanna Iivanainen, sy\u00f6p\u00e4tautien erikoisl\u00e4\u00e4k\u00e4ri, dosentti, OYS\/Oulun yliopisto<\/p>\n<p>-\u00c4idin raskaudenaikaisen tupakoinnin vaikutus syntym\u00e4painoon ja p\u00e4\u00e4nymp\u00e4rykseen raskausviikkojen mukaan, Laura Gonzalez Yli-M\u00e4yry, l\u00e4\u00e4ketieteen kandidaatti<\/p>\n<p>-Terveys vastaan teollisuus \u2013 JA PreventNCD:n tutkimus ja vaikuttaminen, Taija Voutilainen, erityisasiantuntija, Terveyden ja hyvinvoinnin laitos<\/p>\n<p><strong>16.00\u201317.00 Verkostotapaamiset JA PreventNCD -hankkeessa mukana oleville tahoille<\/strong><\/p>\n","protected":false},"excerpt":{"rendered":"<p>Tapahtumasivu Ohjelma 3.12.2025 (PDF) 8.45\u20139.30 Ilmoittautuminen ja aamukahvi Aamup\u00e4iv\u00e4n puheenjohtajana p\u00e4\u00e4sihteeri, professori Tuula Vasankari, Filha ry 9.30\u201310.00 Avauspuheenvuorot -Sanni Grahn-Laasonen, Sosiaaliturvaministeri, Sosiaali- ja terveysministeri\u00f6 -Mika Salminen, P\u00e4\u00e4johtaja, Terveyden ja hyvinvoinnin &#8230; <a title=\"Tupakka ja terveys -p\u00e4iv\u00e4 2025\" class=\"read-more\" href=\"https:\/\/www.filha.fi\/en\/tupakka-ja-terveys-paiva-2025\/\" aria-label=\"Read more about Tupakka ja terveys -p\u00e4iv\u00e4 2025\">Read more<\/a><\/p>\n","protected":false},"author":27,"featured_media":0,"parent":0,"menu_order":0,"comment_status":"closed","ping_status":"closed","template":"","meta":{"_acf_changed":false,"footnotes":""},"categories":[44,105],"class_list":["post-33200","page","type-page","status-publish","category-patrick","category-tiina"],"translation":{"provider":"WPGlobus","version":"3.0.2","language":"en","enabled_languages":["fi","en"],"languages":{"fi":{"title":true,"content":true,"excerpt":false},"en":{"title":false,"content":false,"excerpt":false}}},"acf":[],"yoast_head":"<!-- This site is optimized with the Yoast SEO plugin v27.5 - https:\/\/yoast.com\/product\/yoast-seo-wordpress\/ -->\n<title>Tupakka ja terveys -p\u00e4iv\u00e4 2025 - Filha<\/title>\n<meta name=\"robots\" content=\"index, follow, max-snippet:-1, max-image-preview:large, max-video-preview:-1\" \/>\n<link rel=\"canonical\" href=\"https:\/\/www.filha.fi\/tupakka-ja-terveys-paiva-2025\/\" \/>\n<meta property=\"og:locale\" content=\"en_US\" \/>\n<meta property=\"og:type\" content=\"article\" \/>\n<meta property=\"og:title\" content=\"Tupakka ja terveys -p\u00e4iv\u00e4 2025 - Filha\" \/>\n<meta property=\"og:url\" content=\"https:\/\/www.filha.fi\/tupakka-ja-terveys-paiva-2025\/\" \/>\n<meta property=\"og:site_name\" content=\"Filha\" \/>\n<meta property=\"article:modified_time\" content=\"2025-12-01T13:16:32+00:00\" \/>\n<meta property=\"og:image\" content=\"https:\/\/www.filha.fi\/wp-content\/uploads\/2019\/04\/Filha-logo.png\" \/>\n\t<meta property=\"og:image:width\" content=\"960\" \/>\n\t<meta property=\"og:image:height\" content=\"1230\" \/>\n\t<meta property=\"og:image:type\" content=\"image\/png\" \/>\n<meta name=\"twitter:card\" content=\"summary_large_image\" \/>\n<meta name=\"twitter:label1\" content=\"Est. reading time\" \/>\n\t<meta name=\"twitter:data1\" content=\"3 minutes\" \/>\n<script type=\"application\/ld+json\" class=\"yoast-schema-graph\">{\"@context\":\"https:\\\/\\\/schema.org\",\"@graph\":[{\"@type\":\"WebPage\",\"@id\":\"https:\\\/\\\/www.filha.fi\\\/tupakka-ja-terveys-paiva-2025\\\/\",\"url\":\"https:\\\/\\\/www.filha.fi\\\/tupakka-ja-terveys-paiva-2025\\\/\",\"name\":\"Tupakka ja terveys -p\u00e4iv\u00e4 2025 - Filha\",\"isPartOf\":{\"@id\":\"https:\\\/\\\/www.filha.fi\\\/#website\"},\"datePublished\":\"2025-06-05T07:39:02+00:00\",\"dateModified\":\"2025-12-01T13:16:32+00:00\",\"breadcrumb\":{\"@id\":\"https:\\\/\\\/www.filha.fi\\\/tupakka-ja-terveys-paiva-2025\\\/#breadcrumb\"},\"inLanguage\":\"en-US\",\"potentialAction\":[{\"@type\":\"ReadAction\",\"target\":[\"https:\\\/\\\/www.filha.fi\\\/tupakka-ja-terveys-paiva-2025\\\/\"]}]},{\"@type\":\"BreadcrumbList\",\"@id\":\"https:\\\/\\\/www.filha.fi\\\/tupakka-ja-terveys-paiva-2025\\\/#breadcrumb\",\"itemListElement\":[{\"@type\":\"ListItem\",\"position\":1,\"name\":\"Home\",\"item\":\"https:\\\/\\\/www.filha.fi\\\/\"},{\"@type\":\"ListItem\",\"position\":2,\"name\":\"Tupakka ja terveys -p\u00e4iv\u00e4 2025\"}]},{\"@type\":\"WebSite\",\"@id\":\"https:\\\/\\\/www.filha.fi\\\/#website\",\"url\":\"https:\\\/\\\/www.filha.fi\\\/\",\"name\":\"Filha\",\"description\":\"Expertise in lung health\",\"publisher\":{\"@id\":\"https:\\\/\\\/www.filha.fi\\\/#organization\"},\"potentialAction\":[{\"@type\":\"SearchAction\",\"target\":{\"@type\":\"EntryPoint\",\"urlTemplate\":\"https:\\\/\\\/www.filha.fi\\\/?s={search_term_string}\"},\"query-input\":{\"@type\":\"PropertyValueSpecification\",\"valueRequired\":true,\"valueName\":\"search_term_string\"}}],\"inLanguage\":\"en-US\"},{\"@type\":\"Organization\",\"@id\":\"https:\\\/\\\/www.filha.fi\\\/#organization\",\"name\":\"Filha ry\",\"url\":\"https:\\\/\\\/www.filha.fi\\\/\",\"logo\":{\"@type\":\"ImageObject\",\"inLanguage\":\"en-US\",\"@id\":\"https:\\\/\\\/www.filha.fi\\\/#\\\/schema\\\/logo\\\/image\\\/\",\"url\":\"https:\\\/\\\/www.filha.fi\\\/wp-content\\\/uploads\\\/2019\\\/04\\\/Filha-logo.png\",\"contentUrl\":\"https:\\\/\\\/www.filha.fi\\\/wp-content\\\/uploads\\\/2019\\\/04\\\/Filha-logo.png\",\"width\":960,\"height\":1230,\"caption\":\"Filha ry\"},\"image\":{\"@id\":\"https:\\\/\\\/www.filha.fi\\\/#\\\/schema\\\/logo\\\/image\\\/\"}}]}<\/script>\n<!-- \/ Yoast SEO plugin. -->","yoast_head_json":{"title":"Tupakka ja terveys -p\u00e4iv\u00e4 2025 - Filha","robots":{"index":"index","follow":"follow","max-snippet":"max-snippet:-1","max-image-preview":"max-image-preview:large","max-video-preview":"max-video-preview:-1"},"canonical":"https:\/\/www.filha.fi\/tupakka-ja-terveys-paiva-2025\/","og_locale":"en_US","og_type":"article","og_title":"Tupakka ja terveys -p\u00e4iv\u00e4 2025 - Filha","og_url":"https:\/\/www.filha.fi\/tupakka-ja-terveys-paiva-2025\/","og_site_name":"Filha","article_modified_time":"2025-12-01T13:16:32+00:00","og_image":[{"width":960,"height":1230,"url":"https:\/\/www.filha.fi\/wp-content\/uploads\/2019\/04\/Filha-logo.png","type":"image\/png"}],"twitter_card":"summary_large_image","twitter_misc":{"Est. reading time":"3 minutes"},"schema":{"@context":"https:\/\/schema.org","@graph":[{"@type":"WebPage","@id":"https:\/\/www.filha.fi\/tupakka-ja-terveys-paiva-2025\/","url":"https:\/\/www.filha.fi\/tupakka-ja-terveys-paiva-2025\/","name":"Tupakka ja terveys -p\u00e4iv\u00e4 2025 - Filha","isPartOf":{"@id":"https:\/\/www.filha.fi\/#website"},"datePublished":"2025-06-05T07:39:02+00:00","dateModified":"2025-12-01T13:16:32+00:00","breadcrumb":{"@id":"https:\/\/www.filha.fi\/tupakka-ja-terveys-paiva-2025\/#breadcrumb"},"inLanguage":"en-US","potentialAction":[{"@type":"ReadAction","target":["https:\/\/www.filha.fi\/tupakka-ja-terveys-paiva-2025\/"]}]},{"@type":"BreadcrumbList","@id":"https:\/\/www.filha.fi\/tupakka-ja-terveys-paiva-2025\/#breadcrumb","itemListElement":[{"@type":"ListItem","position":1,"name":"Home","item":"https:\/\/www.filha.fi\/"},{"@type":"ListItem","position":2,"name":"Tupakka ja terveys -p\u00e4iv\u00e4 2025"}]},{"@type":"WebSite","@id":"https:\/\/www.filha.fi\/#website","url":"https:\/\/www.filha.fi\/","name":"Filha","description":"Expertise in lung health","publisher":{"@id":"https:\/\/www.filha.fi\/#organization"},"potentialAction":[{"@type":"SearchAction","target":{"@type":"EntryPoint","urlTemplate":"https:\/\/www.filha.fi\/?s={search_term_string}"},"query-input":{"@type":"PropertyValueSpecification","valueRequired":true,"valueName":"search_term_string"}}],"inLanguage":"en-US"},{"@type":"Organization","@id":"https:\/\/www.filha.fi\/#organization","name":"Filha ry","url":"https:\/\/www.filha.fi\/","logo":{"@type":"ImageObject","inLanguage":"en-US","@id":"https:\/\/www.filha.fi\/#\/schema\/logo\/image\/","url":"https:\/\/www.filha.fi\/wp-content\/uploads\/2019\/04\/Filha-logo.png","contentUrl":"https:\/\/www.filha.fi\/wp-content\/uploads\/2019\/04\/Filha-logo.png","width":960,"height":1230,"caption":"Filha ry"},"image":{"@id":"https:\/\/www.filha.fi\/#\/schema\/logo\/image\/"}}]}},"_links":{"self":[{"href":"https:\/\/www.filha.fi\/en\/wp-json\/wp\/v2\/pages\/33200","targetHints":{"allow":["GET"]}}],"collection":[{"href":"https:\/\/www.filha.fi\/en\/wp-json\/wp\/v2\/pages"}],"about":[{"href":"https:\/\/www.filha.fi\/en\/wp-json\/wp\/v2\/types\/page"}],"author":[{"embeddable":true,"href":"https:\/\/www.filha.fi\/en\/wp-json\/wp\/v2\/users\/27"}],"replies":[{"embeddable":true,"href":"https:\/\/www.filha.fi\/en\/wp-json\/wp\/v2\/comments?post=33200"}],"version-history":[{"count":17,"href":"https:\/\/www.filha.fi\/en\/wp-json\/wp\/v2\/pages\/33200\/revisions"}],"predecessor-version":[{"id":34356,"href":"https:\/\/www.filha.fi\/en\/wp-json\/wp\/v2\/pages\/33200\/revisions\/34356"}],"wp:attachment":[{"href":"https:\/\/www.filha.fi\/en\/wp-json\/wp\/v2\/media?parent=33200"}],"wp:term":[{"taxonomy":"category","embeddable":true,"href":"https:\/\/www.filha.fi\/en\/wp-json\/wp\/v2\/categories?post=33200"}],"curies":[{"name":"wp","href":"https:\/\/api.w.org\/{rel}","templated":true}]}}