{"id":33702,"date":"2025-09-08T14:22:27","date_gmt":"2025-09-08T11:22:27","guid":{"rendered":"https:\/\/www.filha.fi\/?post_type=tribe_events&#038;p=33702"},"modified":"2026-01-07T10:35:25","modified_gmt":"2026-01-07T08:35:25","slug":"pohjanmaan-alueellinen-keuhkosairauksien-ja-allergologian-koulutuspaiva","status":"publish","type":"tribe_events","link":"https:\/\/www.filha.fi\/en\/koulutus\/pohjanmaan-alueellinen-keuhkosairauksien-ja-allergologian-koulutuspaiva\/","title":{"rendered":"Pohjanmaan alueellinen keuhkosairauksien ja allergologian koulutusp\u00e4iv\u00e4, Vaasa"},"content":{"rendered":"<p><strong>Paikka\/ Plats:<\/strong> Vaasan keskussairaala, auditorio Kotka, Y-rakennus kerros 3. sek\u00e4 Teams vain pitk\u00e4nmatkalaisille\/ Vasa Centralsjukhus, auditoriet \u00d6rn, Y-byggnad, v\u00e5ning 3 och Teams. Teams endast f\u00f6r l\u00e5ngv\u00e4gadeltagare<\/p>\n<p><strong>Kohderyhm\u00e4t\/ M\u00e5lgrupp:<\/strong> Perusterveydenhuollon, erikoissairaanhoidon ja yksityispuolen l\u00e4\u00e4k\u00e4rit ja hoitajat sek\u00e4 apteekkarit, proviisorit, farmaseutit, jotka kohtaavat ty\u00f6ss\u00e4\u00e4n ja ohjaavat keuhkosairauksia ja allergioita sairastavia potilaita.<\/p>\n<p>L\u00e4kare och v\u00e5rdpersonal inom bash\u00e4lsov\u00e5rden, specialsjukv\u00e5rden och privata samt apotekare, provisorer, farmaseuter som i sitt arbete m\u00f6ter och handleder patienter med lung- och allergisjukdomar.<\/p>\n<p><strong>Ilmoittautuminen\/ Anm\u00e4lning:<\/strong><\/p>\n<p><strong>Pohjanmaan hyvinvointialueen henkil\u00f6kunta<\/strong> ilmoittautuu Intranetin, koulutuskalenterin<\/p>\n<p>kautta. Pohjanmaan hyvinvointialueen ty\u00f6ntekij\u00e4t EIV\u00c4T ANO ulkoista koulutusta Almassa. Koulutuskalenteriin ilmoittautuminen riitt\u00e4\u00e4.<\/p>\n<p><strong>Muut<\/strong> ilmoittautuvat Pohjanmaan hyvinvointialueen koulutuskalenterin kautta:<a href=\"https:\/\/pohjanmaanhyvinvointi.fi\/tietoa-meista\/koulutus\/\"> https:\/\/pohjanmaanhyvinvointi.fi\/tietoa-meista\/koulutus\/<\/a><\/p>\n<p>Koulutus on maksuton.<\/p>\n<p><strong>Personal inom \u00d6sterbottens v\u00e4lf\u00e4rdsomr\u00e5de <\/strong>anm\u00e4ler via Intranet, utbildningskalendern.<\/p>\n<p>Personal inom \u00d6sterbottens v\u00e4lf\u00e4rdsomr\u00e5de anh\u00e5ller INTE om extern utbildning via Alma.<\/p>\n<p>Utbildningskalenderns anm\u00e4lan r\u00e4cker.<\/p>\n<p>Utomst\u00e5ende anm\u00e4ler via \u00d6sterbottens v\u00e4lf\u00e4rdsomr\u00e5des utbildningskalender: https:\/\/osterbottensvalfard.fi\/om-oss\/utbildning\/<\/p>\n<p>Utbildningen \u00e4r kostnadsfri.<\/p>\n<p>Anotaan erikoistumistunteja erikoistuville l\u00e4\u00e4k\u00e4reille \/ Ans\u00f6ks om specialiseringstimmar f\u00f6r specialiserande l\u00e4kare<\/p>\n<p><strong>OHJELMA\/ PROGRAM (<a href=\"https:\/\/www.filha.fi\/wp-content\/uploads\/2026\/01\/Vaasa_ohjelma_160426.pdf\">PDF<\/a>)<\/strong><\/p>\n<p><strong>9:00<\/strong> Kahvit (Filha ry tarjoaa) ja n\u00e4yttelyyn tutustuminen<\/p>\n<p>Kaffe (Filha rf. bjuder) och utst\u00e4llning<\/p>\n<p><strong>9:30<\/strong> Koulutuksen avaus ja Filhan tervehdys<\/p>\n<p>Ida Knutar, koulutusp\u00e4iv\u00e4n puheenjohtaja, ihotautien ja allergologian erikoisl\u00e4\u00e4k\u00e4ri, apulaisylil\u00e4\u00e4k\u00e4ri, Pohjanmaan hyvinvointialue<\/p>\n<p>Krista Ahvenj\u00e4rvi, asiantuntija, ahtauttavat keuhkosairaudet, Filha Ry<\/p>\n<p><strong>9:45<\/strong> Lasten ruoka-allergian p\u00e4ivittynyt K\u00e4yp\u00e4 hoito<\/p>\n<p>Ulla Hautero, lastentautien erikoisl\u00e4\u00e4k\u00e4ri, apulaisylil\u00e4\u00e4k\u00e4ri, Pohjanmaan hyvinvointialue<\/p>\n<p><strong>10:30<\/strong> Allergioiden sied\u00e4tyshoito<\/p>\n<p>Juhani P\u00f6ntinen, korva-, nen\u00e4- ja kurkkutautien erikoisl\u00e4\u00e4k\u00e4ri, Pohjanmaan hyvinvointialue<\/p>\n<p><strong>11:15<\/strong> Urtikari och angio\u00f6dem<\/p>\n<p>Ida Knutar, specialist i hudsjukdomar och allergologi, \u00d6sterbottens v\u00e4lf\u00e4rdsomr\u00e5de<\/p>\n<p><strong>12:00<\/strong> Lounas (omakustanne) ja n\u00e4yttelyyn tutustuminen<\/p>\n<p>Lunch (p\u00e5 egen bekostnad) och utst\u00e4llning<\/p>\n<p><strong>13:00<\/strong> S\u00f6mn och s\u00f6mnapn\u00e9<\/p>\n<p>Johan S\u00f6derstr\u00f6m, specialist i lungsjukdomar, \u00d6sterbotten v\u00e4lf\u00e4rdsomr\u00e5de<\/p>\n<p><strong>13:45<\/strong> Tauko, pient\u00e4 tarjoilua (Filha ry tarjoaa) ja n\u00e4yttelyyn tutustuminen<\/p>\n<p>Paus, sm\u00e5plock (Filha rf. bjuder) och utst\u00e4llning<\/p>\n<p><strong>14:00<\/strong> Astman hallinta<\/p>\n<p>Antti Saarinen, keuhkosairauksien erikoisl\u00e4\u00e4k\u00e4ri, asiantuntijaylil\u00e4\u00e4k\u00e4ri, Filha Ry<\/p>\n<p><strong>14:45<\/strong> Keskustelua<\/p>\n<p>Diskussion<\/p>\n<p>pj.\/ ordf. Ida Knutar<\/p>\n<p><strong>15:00<\/strong> Koulutus p\u00e4\u00e4ttyy. Hyv\u00e4\u00e4 kotimatkaa.<\/p>\n<p>Dagen slutar. Trevlig hemresa.<\/p>\n<div id='filha-tyypit'><div class='filha-tyyppi-event' style='display:inline-block; width: 160px; margin:1%; vertical-align: top;'><img src='https:\/\/www.filha.fi\/wp-content\/uploads\/2019\/05\/Krista.jpg' class='filha-tyyppi-img' \/><h2 class='filha-tyyppi-name' >Krista Ahvenj\u00e4rvi<\/h2><h3 class='filha-tyyppi-title' >Allergy- and asthma specialist, education manager, MSc<\/h3><div class='filha-tyyppi-puhelin' ><i class='fa fa-phone-square' aria-hidden='true'><\/i> +358 44 544 2209<\/div><\/div><\/div>\n","protected":false},"excerpt":{"rendered":"<p>Paikka\/ Plats: Vaasan keskussairaala, auditorio Kotka, Y-rakennus kerros 3. sek\u00e4 Teams vain pitk\u00e4nmatkalaisille\/ Vasa Centralsjukhus, auditoriet \u00d6rn, Y-byggnad, v\u00e5ning 3 och Teams. Teams endast f\u00f6r l\u00e5ngv\u00e4gadeltagare Kohderyhm\u00e4t\/ M\u00e5lgrupp: Perusterveydenhuollon, erikoissairaanhoidon &#8230; <a title=\"Pohjanmaan alueellinen keuhkosairauksien ja allergologian koulutusp\u00e4iv\u00e4, Vaasa\" class=\"read-more\" href=\"https:\/\/www.filha.fi\/en\/koulutus\/pohjanmaan-alueellinen-keuhkosairauksien-ja-allergologian-koulutuspaiva\/\" aria-label=\"Read more about Pohjanmaan alueellinen keuhkosairauksien ja allergologian koulutusp\u00e4iv\u00e4, Vaasa\">Read more<\/a><\/p>\n","protected":false},"author":35,"featured_media":0,"template":"","meta":{"_acf_changed":false,"_tribe_events_status":"","_tribe_events_status_reason":"","footnotes":""},"categories":[36],"tags":[],"tribe_events_cat":[],"class_list":["post-33702","tribe_events","type-tribe_events","status-publish","hentry","category-krista"],"translation":{"provider":"WPGlobus","version":"3.0.2","language":"en","enabled_languages":["fi","en"],"languages":{"fi":{"title":true,"content":true,"excerpt":false},"en":{"title":false,"content":false,"excerpt":false}}},"acf":[],"yoast_head":"<!-- This site is optimized with the Yoast SEO plugin v27.5 - https:\/\/yoast.com\/product\/yoast-seo-wordpress\/ -->\n<title>Pohjanmaan alueellinen keuhkosairauksien ja allergologian koulutusp\u00e4iv\u00e4, Vaasa - Filha<\/title>\n<meta name=\"robots\" content=\"index, follow, max-snippet:-1, max-image-preview:large, max-video-preview:-1\" \/>\n<link rel=\"canonical\" href=\"https:\/\/www.filha.fi\/koulutus\/pohjanmaan-alueellinen-keuhkosairauksien-ja-allergologian-koulutuspaiva\/\" \/>\n<meta property=\"og:locale\" content=\"en_US\" \/>\n<meta property=\"og:type\" content=\"article\" \/>\n<meta property=\"og:title\" content=\"Pohjanmaan alueellinen keuhkosairauksien ja allergologian koulutusp\u00e4iv\u00e4, Vaasa - Filha\" \/>\n<meta property=\"og:url\" content=\"https:\/\/www.filha.fi\/koulutus\/pohjanmaan-alueellinen-keuhkosairauksien-ja-allergologian-koulutuspaiva\/\" \/>\n<meta property=\"og:site_name\" content=\"Filha\" \/>\n<meta property=\"article:modified_time\" content=\"2026-01-07T08:35:25+00:00\" \/>\n<meta property=\"og:image\" content=\"https:\/\/www.filha.fi\/wp-content\/uploads\/2019\/04\/Filha-logo.png\" \/>\n\t<meta property=\"og:image:width\" content=\"960\" \/>\n\t<meta property=\"og:image:height\" content=\"1230\" \/>\n\t<meta property=\"og:image:type\" content=\"image\/png\" \/>\n<meta name=\"twitter:card\" content=\"summary_large_image\" \/>\n<meta name=\"twitter:label1\" content=\"Est. reading time\" \/>\n\t<meta name=\"twitter:data1\" content=\"2 minutes\" \/>\n<script type=\"application\/ld+json\" class=\"yoast-schema-graph\">{\"@context\":\"https:\\\/\\\/schema.org\",\"@graph\":[{\"@type\":\"WebPage\",\"@id\":\"https:\\\/\\\/www.filha.fi\\\/koulutus\\\/pohjanmaan-alueellinen-keuhkosairauksien-ja-allergologian-koulutuspaiva\\\/\",\"url\":\"https:\\\/\\\/www.filha.fi\\\/koulutus\\\/pohjanmaan-alueellinen-keuhkosairauksien-ja-allergologian-koulutuspaiva\\\/\",\"name\":\"Pohjanmaan alueellinen keuhkosairauksien ja allergologian koulutusp\u00e4iv\u00e4, Vaasa - Filha\",\"isPartOf\":{\"@id\":\"https:\\\/\\\/www.filha.fi\\\/#website\"},\"datePublished\":\"2025-09-08T11:22:27+00:00\",\"dateModified\":\"2026-01-07T08:35:25+00:00\",\"breadcrumb\":{\"@id\":\"https:\\\/\\\/www.filha.fi\\\/koulutus\\\/pohjanmaan-alueellinen-keuhkosairauksien-ja-allergologian-koulutuspaiva\\\/#breadcrumb\"},\"inLanguage\":\"en-US\",\"potentialAction\":[{\"@type\":\"ReadAction\",\"target\":[\"https:\\\/\\\/www.filha.fi\\\/koulutus\\\/pohjanmaan-alueellinen-keuhkosairauksien-ja-allergologian-koulutuspaiva\\\/\"]}]},{\"@type\":\"BreadcrumbList\",\"@id\":\"https:\\\/\\\/www.filha.fi\\\/koulutus\\\/pohjanmaan-alueellinen-keuhkosairauksien-ja-allergologian-koulutuspaiva\\\/#breadcrumb\",\"itemListElement\":[{\"@type\":\"ListItem\",\"position\":1,\"name\":\"Home\",\"item\":\"https:\\\/\\\/www.filha.fi\\\/\"},{\"@type\":\"ListItem\",\"position\":2,\"name\":\"Tapahtumat\",\"item\":\"https:\\\/\\\/www.filha.fi\\\/tapahtumat\\\/\"},{\"@type\":\"ListItem\",\"position\":3,\"name\":\"Pohjanmaan alueellinen keuhkosairauksien ja allergologian koulutusp\u00e4iv\u00e4, Vaasa\"}]},{\"@type\":\"WebSite\",\"@id\":\"https:\\\/\\\/www.filha.fi\\\/#website\",\"url\":\"https:\\\/\\\/www.filha.fi\\\/\",\"name\":\"Filha\",\"description\":\"Expertise in lung health\",\"publisher\":{\"@id\":\"https:\\\/\\\/www.filha.fi\\\/#organization\"},\"potentialAction\":[{\"@type\":\"SearchAction\",\"target\":{\"@type\":\"EntryPoint\",\"urlTemplate\":\"https:\\\/\\\/www.filha.fi\\\/?s={search_term_string}\"},\"query-input\":{\"@type\":\"PropertyValueSpecification\",\"valueRequired\":true,\"valueName\":\"search_term_string\"}}],\"inLanguage\":\"en-US\"},{\"@type\":\"Organization\",\"@id\":\"https:\\\/\\\/www.filha.fi\\\/#organization\",\"name\":\"Filha ry\",\"url\":\"https:\\\/\\\/www.filha.fi\\\/\",\"logo\":{\"@type\":\"ImageObject\",\"inLanguage\":\"en-US\",\"@id\":\"https:\\\/\\\/www.filha.fi\\\/#\\\/schema\\\/logo\\\/image\\\/\",\"url\":\"https:\\\/\\\/www.filha.fi\\\/wp-content\\\/uploads\\\/2019\\\/04\\\/Filha-logo.png\",\"contentUrl\":\"https:\\\/\\\/www.filha.fi\\\/wp-content\\\/uploads\\\/2019\\\/04\\\/Filha-logo.png\",\"width\":960,\"height\":1230,\"caption\":\"Filha ry\"},\"image\":{\"@id\":\"https:\\\/\\\/www.filha.fi\\\/#\\\/schema\\\/logo\\\/image\\\/\"}}]}<\/script>\n<!-- \/ Yoast SEO plugin. -->","yoast_head_json":{"title":"Pohjanmaan alueellinen keuhkosairauksien ja allergologian koulutusp\u00e4iv\u00e4, Vaasa - Filha","robots":{"index":"index","follow":"follow","max-snippet":"max-snippet:-1","max-image-preview":"max-image-preview:large","max-video-preview":"max-video-preview:-1"},"canonical":"https:\/\/www.filha.fi\/koulutus\/pohjanmaan-alueellinen-keuhkosairauksien-ja-allergologian-koulutuspaiva\/","og_locale":"en_US","og_type":"article","og_title":"Pohjanmaan alueellinen keuhkosairauksien ja allergologian koulutusp\u00e4iv\u00e4, Vaasa - Filha","og_url":"https:\/\/www.filha.fi\/koulutus\/pohjanmaan-alueellinen-keuhkosairauksien-ja-allergologian-koulutuspaiva\/","og_site_name":"Filha","article_modified_time":"2026-01-07T08:35:25+00:00","og_image":[{"width":960,"height":1230,"url":"https:\/\/www.filha.fi\/wp-content\/uploads\/2019\/04\/Filha-logo.png","type":"image\/png"}],"twitter_card":"summary_large_image","twitter_misc":{"Est. reading time":"2 minutes"},"schema":{"@context":"https:\/\/schema.org","@graph":[{"@type":"WebPage","@id":"https:\/\/www.filha.fi\/koulutus\/pohjanmaan-alueellinen-keuhkosairauksien-ja-allergologian-koulutuspaiva\/","url":"https:\/\/www.filha.fi\/koulutus\/pohjanmaan-alueellinen-keuhkosairauksien-ja-allergologian-koulutuspaiva\/","name":"Pohjanmaan alueellinen keuhkosairauksien ja allergologian koulutusp\u00e4iv\u00e4, Vaasa - Filha","isPartOf":{"@id":"https:\/\/www.filha.fi\/#website"},"datePublished":"2025-09-08T11:22:27+00:00","dateModified":"2026-01-07T08:35:25+00:00","breadcrumb":{"@id":"https:\/\/www.filha.fi\/koulutus\/pohjanmaan-alueellinen-keuhkosairauksien-ja-allergologian-koulutuspaiva\/#breadcrumb"},"inLanguage":"en-US","potentialAction":[{"@type":"ReadAction","target":["https:\/\/www.filha.fi\/koulutus\/pohjanmaan-alueellinen-keuhkosairauksien-ja-allergologian-koulutuspaiva\/"]}]},{"@type":"BreadcrumbList","@id":"https:\/\/www.filha.fi\/koulutus\/pohjanmaan-alueellinen-keuhkosairauksien-ja-allergologian-koulutuspaiva\/#breadcrumb","itemListElement":[{"@type":"ListItem","position":1,"name":"Home","item":"https:\/\/www.filha.fi\/"},{"@type":"ListItem","position":2,"name":"Tapahtumat","item":"https:\/\/www.filha.fi\/tapahtumat\/"},{"@type":"ListItem","position":3,"name":"Pohjanmaan alueellinen keuhkosairauksien ja allergologian koulutusp\u00e4iv\u00e4, Vaasa"}]},{"@type":"WebSite","@id":"https:\/\/www.filha.fi\/#website","url":"https:\/\/www.filha.fi\/","name":"Filha","description":"Expertise in lung health","publisher":{"@id":"https:\/\/www.filha.fi\/#organization"},"potentialAction":[{"@type":"SearchAction","target":{"@type":"EntryPoint","urlTemplate":"https:\/\/www.filha.fi\/?s={search_term_string}"},"query-input":{"@type":"PropertyValueSpecification","valueRequired":true,"valueName":"search_term_string"}}],"inLanguage":"en-US"},{"@type":"Organization","@id":"https:\/\/www.filha.fi\/#organization","name":"Filha ry","url":"https:\/\/www.filha.fi\/","logo":{"@type":"ImageObject","inLanguage":"en-US","@id":"https:\/\/www.filha.fi\/#\/schema\/logo\/image\/","url":"https:\/\/www.filha.fi\/wp-content\/uploads\/2019\/04\/Filha-logo.png","contentUrl":"https:\/\/www.filha.fi\/wp-content\/uploads\/2019\/04\/Filha-logo.png","width":960,"height":1230,"caption":"Filha ry"},"image":{"@id":"https:\/\/www.filha.fi\/#\/schema\/logo\/image\/"}}]}},"_links":{"self":[{"href":"https:\/\/www.filha.fi\/en\/wp-json\/wp\/v2\/tribe_events\/33702","targetHints":{"allow":["GET"]}}],"collection":[{"href":"https:\/\/www.filha.fi\/en\/wp-json\/wp\/v2\/tribe_events"}],"about":[{"href":"https:\/\/www.filha.fi\/en\/wp-json\/wp\/v2\/types\/tribe_events"}],"author":[{"embeddable":true,"href":"https:\/\/www.filha.fi\/en\/wp-json\/wp\/v2\/users\/35"}],"version-history":[{"count":7,"href":"https:\/\/www.filha.fi\/en\/wp-json\/wp\/v2\/tribe_events\/33702\/revisions"}],"predecessor-version":[{"id":34561,"href":"https:\/\/www.filha.fi\/en\/wp-json\/wp\/v2\/tribe_events\/33702\/revisions\/34561"}],"wp:attachment":[{"href":"https:\/\/www.filha.fi\/en\/wp-json\/wp\/v2\/media?parent=33702"}],"wp:term":[{"taxonomy":"category","embeddable":true,"href":"https:\/\/www.filha.fi\/en\/wp-json\/wp\/v2\/categories?post=33702"},{"taxonomy":"post_tag","embeddable":true,"href":"https:\/\/www.filha.fi\/en\/wp-json\/wp\/v2\/tags?post=33702"},{"taxonomy":"tribe_events_cat","embeddable":true,"href":"https:\/\/www.filha.fi\/en\/wp-json\/wp\/v2\/tribe_events_cat?post=33702"}],"curies":[{"name":"wp","href":"https:\/\/api.w.org\/{rel}","templated":true}]}}